{"id":29108,"date":"2026-03-11T10:36:33","date_gmt":"2026-03-11T10:36:33","guid":{"rendered":"https:\/\/www.nuviatech-protection.com\/?page_id=29108"},"modified":"2026-03-11T10:36:34","modified_gmt":"2026-03-11T10:36:34","slug":"osobni-udaje","status":"publish","type":"page","link":"https:\/\/www.nuviatech-protection.com\/cs\/osobni-udaje\/","title":{"rendered":"Osobn\u00ed \u00fadaje"},"content":{"rendered":"\n<p><\/p>\n\n\n\n<h2 class=\"wp-block-heading\"><strong>Z\u00c1SADY OCHRANY OSOBN\u00cdCH \u00daDAJ\u016e<\/strong><\/h2>\n\n\n\n<p>Ochrana osobn\u00edch \u00fadaj\u016f je pro spole\u010dnost <strong>Soletanche Freyssinet<\/strong> kl\u00ed\u010dovou prioritou. Transparentn\u00ed zpracov\u00e1n\u00ed osobn\u00edch \u00fadaj\u016f, kter\u00e9 shroma\u017e\u010fujeme, je z\u00e1vazkem, jeho\u017e c\u00edlem je poskytnout v\u00e1m ve\u0161ker\u00e9 relevantn\u00ed informace o zpracov\u00e1n\u00ed osobn\u00edch \u00fadaj\u016f, kter\u00e9 mohou b\u00fdt shrom\u00e1\u017ed\u011bny na tomto webu <strong><a href=\"http:\/\/www.nuviatech-protection.com\">www.nuviatech-protection.com<\/a><\/strong> (d\u00e1le jen \u201eweb\u201c).<\/p>\n\n\n\n<p>Spole\u010dnost Soletanche Freyssinet (d\u00e1le jen \u201emy\u201c, \u201en\u00e1\u0161\u201c nebo \u201eSoletanche Freyssinet\u201c) m\u016f\u017ee shroma\u017e\u010fovat a zpracov\u00e1vat osobn\u00ed \u00fadaje o v\u00e1s p\u0159i n\u00e1v\u0161t\u011bv\u011b tohoto webu. Soletanche Freyssinet, kdy\u017e vystupuje jako spr\u00e1vce \u00fadaj\u016f, je odpov\u011bdn\u00e1 za osobn\u00ed \u00fadaje, kter\u00e9 n\u00e1m poskytujete. Abychom chr\u00e1nili va\u0161e soukrom\u00ed a osobn\u00ed \u00fadaje co nejefektivn\u011bji, ur\u010dili jsme pov\u011b\u0159enou osobu pro ochranu osobn\u00edch \u00fadaj\u016f (DPO). Tato osoba, kter\u00e1 je hlavn\u00edm kontaktem pro kontroln\u00ed org\u00e1n, m\u00e1 za \u00fakol zajistit, \u017ee va\u0161e \u00fadaje zpracov\u00e1v\u00e1me v souladu s platnou legislativou.<\/p>\n\n\n\n<p>Na\u0161eho pov\u011b\u0159ence pro ochranu osobn\u00edch \u00fadaj\u016f m\u016f\u017eete kontaktovat na adrese: <strong>dpo@sf-group.com<\/strong><\/p>\n\n\n\n<p>Spole\u010dnost Soletanche Freyssinet je dostupn\u00e1 na po\u0161tovn\u00ed adrese: 280 Avenue Napol\u00e9on Bonaparte, 92500 Rueil-Malmaison, Francie, telefonicky na \u010d\u00edsle +33 1 47 76 42 62, nebo prost\u0159ednictv\u00edm kontaktn\u00edho formul\u00e1\u0159e na tomto webu.<\/p>\n\n\n\n<p><\/p>\n\n\n\n<h2 class=\"wp-block-heading\"><strong>Z\u00c1VAZKY<\/strong><\/h2>\n\n\n\n<p>Zavazujeme se zajistit co nejvy\u0161\u0161\u00ed \u00farove\u0148 ochrany pro osoby, jejich\u017e osobn\u00ed \u00fadaje zpracov\u00e1v\u00e1me (d\u00e1le jen \u201edot\u010den\u00e9 osoby\u201c). Ochrana osobn\u00edch \u00fadaj\u016f, zejm\u00e9na t\u011bch na\u0161ich klient\u016f, je pro n\u00e1s obzvl\u00e1\u0161t\u011b d\u016fle\u017eit\u00e1 vzhledem k na\u0161im povinnostem t\u00fdkaj\u00edc\u00edm se profesn\u00edho tajemstv\u00ed.<\/p>\n\n\n\n<p>Zavazujeme se dodr\u017eovat platnou legislativu pro ve\u0161ker\u00e9 zpracov\u00e1n\u00ed osobn\u00edch \u00fadaj\u016f, kter\u00e9 prov\u00e1d\u00edme. Zavazujeme se tedy respektovat n\u00e1sleduj\u00edc\u00ed z\u00e1sady:<\/p>\n\n\n\n<ul class=\"wp-block-list\">\n<li>Zpracov\u00e1v\u00e1me va\u0161e osobn\u00ed \u00fadaje z\u00e1konn\u00fdm, poctiv\u00fdm a transparentn\u00edm zp\u016fsobem;<\/li>\n\n\n\n<li>Shroma\u017e\u010fujeme va\u0161e osobn\u00ed \u00fadaje pro konkr\u00e9tn\u00ed, jasn\u00e9 a legitimn\u00ed \u00fa\u010dely a nebudeme je zpracov\u00e1vat zp\u016fsobem neslu\u010diteln\u00fdm s t\u011bmito \u00fa\u010dely;<\/li>\n\n\n\n<li>Zaji\u0161\u0165ujeme, aby zpracov\u00e1van\u00e9 osobn\u00ed \u00fadaje byly adekv\u00e1tn\u00ed, relevantn\u00ed a omezen\u00e9 na to, co je nezbytn\u00e9 vzhledem k \u00fa\u010del\u016fm zpracov\u00e1n\u00ed;<\/li>\n\n\n\n<li>Vynakl\u00e1d\u00e1me ve\u0161ker\u00e9 \u00fasil\u00ed, abychom zajistili, \u017ee osobn\u00ed \u00fadaje jsou p\u0159esn\u00e9 a v p\u0159\u00edpad\u011b pot\u0159eby aktualizovan\u00e9. P\u0159ijmeme ve\u0161ker\u00e1 p\u0159im\u011b\u0159en\u00e1 opat\u0159en\u00ed, abychom zajistili, \u017ee nep\u0159esn\u00e9 osobn\u00ed \u00fadaje vzhledem k \u00fa\u010del\u016fm zpracov\u00e1n\u00ed budou neprodlen\u011b vymaz\u00e1ny nebo opraveny;<\/li>\n\n\n\n<li>Uchov\u00e1v\u00e1me va\u0161e osobn\u00ed \u00fadaje ve form\u011b umo\u017e\u0148uj\u00edc\u00ed va\u0161i identifikaci pouze po dobu nezbytnou vzhledem k \u00fa\u010del\u016fm zpracov\u00e1n\u00ed;<\/li>\n\n\n\n<li>Zpracov\u00e1v\u00e1me va\u0161e osobn\u00ed \u00fadaje tak, aby byla zaji\u0161t\u011bna odpov\u00eddaj\u00edc\u00ed \u00farove\u0148 bezpe\u010dnosti t\u011bchto \u00fadaj\u016f.<\/li>\n<\/ul>\n\n\n\n<p><\/p>\n\n\n\n<p>Tyto z\u00e1vazky se projevuj\u00ed n\u00e1sleduj\u00edc\u00edm zp\u016fsobem:<\/p>\n\n\n\n<ul class=\"wp-block-list\">\n<li>Respektujeme va\u0161e soukrom\u00ed a va\u0161e pr\u00e1va;<\/li>\n\n\n\n<li>Db\u00e1me na to, aby ochrana a bezpe\u010dnost va\u0161ich osobn\u00edch \u00fadaj\u016f byla na\u0161\u00ed hlavn\u00ed prioritou;<\/li>\n\n\n\n<li>Ka\u017edou operaci zpracov\u00e1n\u00ed posuzujeme s ohledem na z\u00e1sady ochrany \u00fadaj\u016f, aby byl dodr\u017een princip ochrany \u00fadaj\u016f ji\u017e p\u0159i n\u00e1vrhu (privacy by design);<\/li>\n\n\n\n<li>Va\u0161e osobn\u00ed \u00fadaje nebudeme pou\u017e\u00edvat k \u00fa\u010del\u016fm, kter\u00e9 v\u00e1m nebyly sd\u011bleny;<\/li>\n\n\n\n<li>Va\u0161e osobn\u00ed \u00fadaje nebudeme sd\u00edlet ani prod\u00e1vat t\u0159et\u00edm stran\u00e1m;<\/li>\n\n\n\n<li>Zavazujeme se zabezpe\u010dit a chr\u00e1nit va\u0161e osobn\u00ed \u00fadaje. Za t\u00edmto \u00fa\u010delem spolupracujeme pouze s d\u016fv\u011bryhodn\u00fdmi partnery;<\/li>\n\n\n\n<li>Respektujeme va\u0161e pr\u00e1va a vyvineme ve\u0161ker\u00e9 \u00fasil\u00ed k uspokojen\u00ed va\u0161ich \u017e\u00e1dost\u00ed, pokud jsou opr\u00e1vn\u011bn\u00e9.<\/li>\n<\/ul>\n\n\n\n<h2 class=\"wp-block-heading\"><strong>ZPRACOV\u00c1N\u00cd<\/strong><\/h2>\n\n\n\n<p>VNa\u0161e webov\u00e9 str\u00e1nky m\u016f\u017eete nav\u0161t\u011bvovat, ani\u017e byste poskytli osobn\u00ed \u00fadaje o sob\u011b. Nicm\u00e9n\u011b, pro p\u0159\u00edstup k ur\u010dit\u00fdm \u010d\u00e1stem na\u0161ich webov\u00fdch str\u00e1nek a\/nebo v r\u00e1mci vyu\u017e\u00edv\u00e1n\u00ed specifick\u00fdch informac\u00ed nebo slu\u017eeb, m\u016f\u017eeme b\u00fdt nuceni shroma\u017e\u010fovat va\u0161e osobn\u00ed \u00fadaje, kter\u00e9 budeme zpracov\u00e1vat pro \u00fa\u010dely uveden\u00e9 n\u00ed\u017ee.<\/p>\n\n\n\n<p>P\u0159ipom\u00edn\u00e1me, \u017ee osobn\u00ed \u00fadaj je informace t\u00fdkaj\u00edc\u00ed se identifikovan\u00e9 nebo identifikovateln\u00e9 fyzick\u00e9 osoby, nap\u0159\u00edklad e-mailov\u00e1 adresa, va\u0161e jm\u00e9no a p\u0159\u00edjmen\u00ed, IP adresa apod.<\/p>\n\n\n\n<p>Va\u0161e osobn\u00ed \u00fadaje shroma\u017e\u010fujeme prost\u0159ednictv\u00edm kontaktn\u00edho formul\u00e1\u0159e na tomto webu a dal\u0161\u00edmi zp\u016fsoby. V n\u011bkter\u00fdch p\u0159\u00edpadech shroma\u017e\u010fujeme va\u0161e osobn\u00ed \u00fadaje p\u0159\u00edmo od v\u00e1s. V jin\u00fdch p\u0159\u00edpadech n\u00e1m jsou va\u0161e osobn\u00ed \u00fadaje poskytnuty t\u0159et\u00ed stranou.<\/p>\n\n\n\n<p>Les donn\u00e9es \u00e0 caract\u00e8re personnel que nous sommes susceptible de traiter sont, par exemple :<\/p>\n\n\n\n<ul class=\"wp-block-list\">\n<li><strong>Identifika\u010dn\u00ed \u00fadaje<\/strong>, nap\u0159\u00edklad va\u0161e jm\u00e9no a p\u0159\u00edjmen\u00ed, e-mailov\u00e1 adresa;<\/li>\n\n\n\n<li><strong>\u00dadaje souvisej\u00edc\u00ed s \u017e\u00e1dost\u00ed o zam\u011bstn\u00e1n\u00ed<\/strong>, nap\u0159\u00edklad v\u00e1\u0161 \u017eivotopis, diplomy, pracovn\u00ed zku\u0161enosti, pokud se chcete uch\u00e1zet o pr\u00e1ci ve spole\u010dnosti Soletanche Freyssinet.<\/li>\n<\/ul>\n\n\n\n<p>N\u011bkter\u00e9 informace o aktivit\u011b u\u017eivatele na tomto webu mohou b\u00fdt shroma\u017e\u010fov\u00e1ny automaticky. Tyto informace jsou ur\u010deny pro Soletanche Freyssinet a mohou slou\u017eit jako z\u00e1klad pro studie, statistiky, m\u011b\u0159en\u00ed n\u00e1v\u0161t\u011bvnosti a dal\u0161\u00ed anal\u00fdzy pro zlep\u0161en\u00ed a rozvoj webu.<\/p>\n\n\n\n<p>D\u00e1le m\u016f\u017eeme zpracov\u00e1vat va\u0161e osobn\u00ed \u00fadaje pro n\u00e1sleduj\u00edc\u00ed \u00fa\u010dely:<\/p>\n\n\n\n<ul class=\"wp-block-list\">\n<li>Aktualizace a zlep\u0161ov\u00e1n\u00ed na\u0161ich webov\u00fdch str\u00e1nek a zaji\u0161t\u011bn\u00ed jejich bezpe\u010dnosti;<\/li>\n\n\n\n<li>Prov\u00e1d\u011bn\u00ed studi\u00ed spokojenosti z\u00e1kazn\u00edk\u016f;<\/li>\n\n\n\n<li>Spr\u00e1vu diskusn\u00edch f\u00f3r, kter\u00fdch se m\u016f\u017eete \u00fa\u010dastnit;<\/li>\n\n\n\n<li>\u0158\u00edzen\u00ed n\u00e1boru, pokud se uch\u00e1z\u00edte o pracovn\u00ed pozice online, zejm\u00e9na na webu <strong>emplois.vinci.com<\/strong>, nebo pokud n\u00e1m zas\u00edl\u00e1te spont\u00e1nn\u00ed \u017e\u00e1dost o zam\u011bstn\u00e1n\u00ed;<\/li>\n\n\n\n<li>Vytv\u00e1\u0159en\u00ed statistik a optimalizaci webu;<\/li>\n\n\n\n<li>Odes\u00edl\u00e1n\u00ed dokument\u016f v r\u00e1mci \u017e\u00e1dost\u00ed proveden\u00fdch na na\u0161em webu; zas\u00edl\u00e1n\u00ed informac\u00ed t\u00fdkaj\u00edc\u00edch se na\u0161\u00ed spole\u010dnosti a jej\u00ed \u010dinnosti, odpov\u011bdi na p\u0159ijat\u00e9 dotazy a sd\u00edlen\u00ed informac\u00ed o nab\u00edzen\u00fdch slu\u017eb\u00e1ch.<\/li>\n<\/ul>\n\n\n\n<p>Va\u0161e osobn\u00ed \u00fadaje v\u017edy zpracov\u00e1v\u00e1me na z\u00e1klad\u011b jedn\u00e9 z n\u00e1sleduj\u00edc\u00edch pr\u00e1vn\u00edch forem:<\/p>\n\n\n\n<ul class=\"wp-block-list\">\n<li>Pokud jste uzav\u0159eli smlouvu se spole\u010dnost\u00ed Soletanche Freyssinet a pln\u011bn\u00ed t\u00e9to smlouvy vy\u017eaduje zpracov\u00e1n\u00ed va\u0161ich osobn\u00edch \u00fadaj\u016f, pr\u00e1vn\u00edm z\u00e1kladem zpracov\u00e1n\u00ed je pln\u011bn\u00ed smlouvy.<\/li>\n\n\n\n<li>Pokud je zpracov\u00e1n\u00ed nezbytn\u00e9 pro proveden\u00ed p\u0159edkontrakta\u010dn\u00edch opat\u0159en\u00ed na v\u00e1\u0161 po\u017eadavek, pr\u00e1vn\u00edm z\u00e1kladem jsou tato p\u0159edkontrakta\u010dn\u00ed opat\u0159en\u00ed. Nap\u0159\u00edklad je to p\u0159\u00edpad, kdy n\u00e1m zas\u00edl\u00e1te \u017e\u00e1dost o pracovn\u00ed m\u00edsto, co\u017e vy\u017eaduje, abychom zhodnotili v\u00e1\u0161 \u017eivotopis a rozhodli o va\u0161\u00ed \u017e\u00e1dosti.<\/li>\n\n\n\n<li>Pokud je zpracov\u00e1n\u00ed nezbytn\u00e9 pro \u00fa\u010dely opr\u00e1vn\u011bn\u00fdch z\u00e1jm\u016f, kter\u00e9 sledujeme, pr\u00e1vn\u00edm z\u00e1kladem jsou tyto opr\u00e1vn\u011bn\u00e9 z\u00e1jmy. Nap\u0159\u00edklad zpracov\u00e1n\u00ed va\u0161ich osobn\u00edch \u00fadaj\u016f pro \u00fa\u010dely marketingov\u00e9ho osloven\u00ed m\u016f\u017ee b\u00fdt provedeno na z\u00e1klad\u011b opr\u00e1vn\u011bn\u00fdch z\u00e1jm\u016f spole\u010dnosti Soletanche Freyssinet.<\/li>\n\n\n\n<li>Va\u0161e osobn\u00ed \u00fadaje m\u016f\u017eeme tak\u00e9 zpracov\u00e1vat na z\u00e1klad\u011b jin\u00fdch pr\u00e1vn\u00edch forem uveden\u00fdch v platn\u00e9 legislativ\u011b nebo p\u0159edpisech.<\/li>\n<\/ul>\n\n\n\n<p><\/p>\n\n\n\n<h2 class=\"wp-block-heading\">DOBA UCHOV\u00c1V\u00c1N\u00cd<\/h2>\n\n\n\n<p>Spole\u010dnost Soletanche Freyssinet bude va\u0161e osobn\u00ed \u00fadaje uchov\u00e1vat pouze po dobu nezbytnou vzhledem k \u00fa\u010del\u016fm, pro kter\u00e9 jsou zpracov\u00e1v\u00e1ny, a v souladu s platnou legislativou. Doba uchov\u00e1v\u00e1n\u00ed va\u0161ich osobn\u00edch \u00fadaj\u016f z\u00e1vis\u00ed na \u00fa\u010delu jejich zpracov\u00e1n\u00ed, podle n\u00ed\u017ee uveden\u00fdch kategori\u00ed:<\/p>\n\n\n\n<ul class=\"wp-block-list\">\n<li>Spr\u00e1va vztah\u016f se z\u00e1kazn\u00edky: 5 let od ukon\u010den\u00ed vztahu se z\u00e1kazn\u00edkem;<\/li>\n\n\n\n<li>Fakturace: 10 let od konce p\u0159\u00edslu\u0161n\u00e9ho \u00fa\u010detn\u00edho obdob\u00ed;<\/li>\n\n\n\n<li>\u00da\u010detnictv\u00ed: 10 let od konce p\u0159\u00edslu\u0161n\u00e9ho \u00fa\u010detn\u00edho obdob\u00ed;<\/li>\n\n\n\n<li>Spr\u00e1va \u017e\u00e1dost\u00ed o zam\u011bstn\u00e1n\u00ed: 2 roky od posledn\u00edho kontaktu s uchaze\u010dem;<\/li>\n\n\n\n<li>Spr\u00e1va vztah\u016f s dodavateli a poskytovateli slu\u017eeb: 5 let od ukon\u010den\u00ed vztahu;<\/li>\n\n\n\n<li>Odpov\u011bdi na dotazy zaslan\u00e9 prost\u0159ednictv\u00edm kontaktn\u00edho formul\u00e1\u0159e na webu: po dobu nezbytnou k vy\u0159\u00edzen\u00ed dotazu, nebo po dobu uvedenou v\u00fd\u0161e, pokud se v\u00e1\u0161 dotaz vztahuje k jednomu z t\u011bchto \u00fa\u010del\u016f.<\/li>\n<\/ul>\n\n\n\n<p><\/p>\n\n\n\n<h2 class=\"wp-block-heading\">P\u0158ENOSY<\/h2>\n\n\n\n<p>Va\u0161e \u00fadaje jsou ukl\u00e1d\u00e1ny v Evropsk\u00e9 unii (EU) a Evropsk\u00e9m hospod\u00e1\u0159sk\u00e9m prostoru (EHP) spole\u010dnost\u00ed Soletanche Freyssinet a jej\u00edmi d\u016fv\u011bryhodn\u00fdmi poskytovateli slu\u017eeb. V z\u00e1vislosti na konkr\u00e9tn\u00edm zpracov\u00e1n\u00ed v\u0161ak mohou b\u00fdt va\u0161e \u00fadaje tak\u00e9 p\u0159eneseny do zem\u011b mimo EU a EHP.<\/p>\n\n\n\n<p>V p\u0159\u00edpad\u011b p\u0159enosu \u00fadaj\u016f mimo EU a EHP db\u00e1me na to, aby byly \u00fadaje p\u0159en\u00e1\u0161eny bezpe\u010dn\u011b a v souladu s platnou legislativou. Pokud zem\u011b, do n\u00ed\u017e jsou \u00fadaje p\u0159en\u00e1\u0161eny, neposkytuje ochranu srovnatelnou s ochranou v EU, pou\u017e\u00edv\u00e1me \u201eodpov\u00eddaj\u00edc\u00ed nebo p\u0159im\u011b\u0159en\u00e1 zaji\u0161t\u011bn\u00ed\u201c.<\/p>\n\n\n\n<p>Tato odpov\u00eddaj\u00edc\u00ed nebo p\u0159im\u011b\u0159en\u00e1 zaji\u0161t\u011bn\u00ed jsou zp\u016fsobem, jak zajistit ochranu va\u0161ich osobn\u00edch \u00fadaj\u016f i v p\u0159\u00edpad\u011b, \u017ee opust\u00ed evropsk\u00fd prostor. Takov\u00e1 zaji\u0161t\u011bn\u00ed mohou nap\u0159\u00edklad spo\u010d\u00edvat v pou\u017eit\u00ed standardn\u00edch smluvn\u00edch dolo\u017eek p\u0159ijat\u00fdch Evropskou komis\u00ed.<\/p>\n\n\n\n<p>V konkr\u00e9tn\u00edch p\u0159\u00edpadech v\u00e1s budeme informovat o na\u0161em z\u00e1m\u011bru p\u0159en\u00e9st osobn\u00ed \u00fadaje do t\u0159et\u00ed zem\u011b, o existenci \u010di neexistenci adekv\u00e1tn\u00edho rozhodnut\u00ed Komise a, je-li to relevantn\u00ed, o odkazech na odpov\u00eddaj\u00edc\u00ed zaji\u0161t\u011bn\u00ed a o zp\u016fsobech, jak z\u00edskat jeho kopii nebo kde byla zp\u0159\u00edstupn\u011bna.<\/p>\n\n\n\n<p><\/p>\n\n\n\n<h2 class=\"wp-block-heading\">P\u0158\u00cdJEMCI VA\u0160ICH OSOBN\u00cdCH \u00daDAJ\u016e<\/h2>\n\n\n\n<p>Va\u0161e osobn\u00ed \u00fadaje m\u016f\u017eeme p\u0159ed\u00e1vat na\u0161im poskytovatel\u016fm slu\u017eeb, kte\u0159\u00ed zaji\u0161\u0165uj\u00ed:<\/p>\n\n\n\n<ul class=\"wp-block-list\">\n<li>Hosting (OVH);<\/li>\n\n\n\n<li>\u00dadr\u017ebu.<\/li>\n<\/ul>\n\n\n\n<p>M\u016f\u017eeme b\u00fdt rovn\u011b\u017e povinni z\u00e1kony, soudn\u00edmi rozhodnut\u00edmi a\/nebo \u017e\u00e1dostmi ve\u0159ejn\u00fdch a vl\u00e1dn\u00edch org\u00e1n\u016f, a to uvnit\u0159 nebo mimo va\u0161i zemi pobytu, zve\u0159ejnit va\u0161e osobn\u00ed \u00fadaje. Va\u0161e osobn\u00ed \u00fadaje m\u016f\u017eeme rovn\u011b\u017e zve\u0159ejnit, pokud ur\u010d\u00edme, \u017ee z d\u016fvod\u016f n\u00e1rodn\u00ed bezpe\u010dnosti, vym\u00e1h\u00e1n\u00ed pr\u00e1va, ve\u0159ejn\u00e9ho z\u00e1jmu nebo podle z\u00e1kona je zve\u0159ejn\u011bn\u00ed nezbytn\u00e9 nebo vhodn\u00e9.<\/p>\n\n\n\n<p>Osobn\u00ed \u00fadaje m\u016f\u017eeme tak\u00e9 zve\u0159ejnit, pokud v dobr\u00e9 v\u00ed\u0159e ur\u010d\u00edme, \u017ee zve\u0159ejn\u011bn\u00ed je rozumn\u011b nezbytn\u00e9 k ochran\u011b na\u0161ich pr\u00e1v, k uplatn\u011bn\u00ed na\u0161ich obchodn\u00edch podm\u00ednek, k vy\u0161et\u0159en\u00ed podvod\u016f nebo k ochran\u011b na\u0161ich provoz\u016f \u010di u\u017eivatel\u016f.<\/p>\n\n\n\n<p>Nakonec m\u016f\u017ee spole\u010dnost Soletanche Freyssinet kdykoli restrukturalizovat sv\u00e9 aktivity po cel\u00e9m sv\u011bt\u011b. Tato opat\u0159en\u00ed mohou v\u00e9st k tomu, \u017ee budeme sd\u00edlet osobn\u00ed \u00fadaje s potenci\u00e1ln\u00edmi nebo st\u00e1vaj\u00edc\u00edmi z\u00e1kazn\u00edky, nebo p\u0159ij\u00edmat osobn\u00ed \u00fadaje od potenci\u00e1ln\u00edch prodejc\u016f. V\u017edy vy\u017eadujeme odpov\u00eddaj\u00edc\u00ed ochranu d\u016fv\u011brnosti pro osobn\u00ed \u00fadaje sd\u00edlen\u00e9 v r\u00e1mci tohoto typu transakc\u00ed..<\/p>\n\n\n\n<p><\/p>\n\n\n\n<h2 class=\"wp-block-heading\">VA\u0160E PR\u00c1VA<\/h2>\n\n\n\n<p>M\u00e1te pr\u00e1vo z\u00edskat od n\u00e1s potvrzen\u00ed, zda se va\u0161e osobn\u00ed \u00fadaje zpracov\u00e1vaj\u00ed \u010di nikoli (pr\u00e1vo na p\u0159\u00edstup). Pokud ano, m\u016f\u017eete z\u00edskat p\u0159\u00edstup ke sv\u00fdm osobn\u00edm \u00fadaj\u016fm a z\u00edskat informace, jako je \u00fa\u010del zpracov\u00e1n\u00ed, kategorie zpracov\u00e1van\u00fdch osobn\u00edch \u00fadaj\u016f atd.<\/p>\n\n\n\n<p>Tak\u00e9 m\u016f\u017eete po\u017e\u00e1dat o opravu nebo vymaz\u00e1n\u00ed sv\u00fdch osobn\u00edch \u00fadaj\u016f.<\/p>\n\n\n\n<p>M\u00e1te rovn\u011b\u017e pr\u00e1vo vzn\u00e9st n\u00e1mitku proti zpracov\u00e1n\u00ed sv\u00fdch osobn\u00edch \u00fadaj\u016f nebo po\u017e\u00e1dat o omezen\u00ed zpracov\u00e1n\u00ed. M\u00e1te tak\u00e9 pr\u00e1vo po\u017e\u00e1dat o p\u0159evod sv\u00fdch osobn\u00edch \u00fadaj\u016f do strukturovan\u00e9ho a standardizovan\u00e9ho form\u00e1tu, pokud jsou spln\u011bny podm\u00ednky pro v\u00fdkon tohoto pr\u00e1va.<\/p>\n\n\n\n<p>Pro uplatn\u011bn\u00ed t\u011bchto pr\u00e1v za\u0161lete e-mail na\u0161emu pov\u011b\u0159enci pro ochranu osobn\u00edch \u00fadaj\u016f (DPO) na adresu: <strong>dpo@sf-group.com<\/strong>.<\/p>\n\n\n\n<p>Abychom mohli va\u0161i \u017e\u00e1dost \u0159\u00e1dn\u011b zpracovat, budete muset prok\u00e1zat svou toto\u017enost libovoln\u00fdm zp\u016fsobem. V p\u0159\u00edpad\u011b pochybnost\u00ed si vyhrazujeme pr\u00e1vo po\u017e\u00e1dat o dopl\u0148uj\u00edc\u00ed informace, nap\u0159\u00edklad o zasl\u00e1n\u00ed kopie va\u0161eho ob\u010dansk\u00e9ho pr\u016fkazu podepsan\u00e9 v\u00e1mi.<\/p>\n\n\n\n<p>Vynalo\u017e\u00edme ve\u0161ker\u00e9 \u00fasil\u00ed, abychom na va\u0161e \u017e\u00e1dosti odpov\u011bd\u011bli uspokojiv\u011b. Bez ohledu na na\u0161i odpov\u011b\u010f v\u00e1m ji doru\u010d\u00edme do <strong>jednoho m\u011bs\u00edce<\/strong>, p\u0159i\u010dem\u017e doba odpov\u011bdi m\u016f\u017ee b\u00fdt v z\u00e1vislosti na slo\u017eitosti a po\u010dtu \u017e\u00e1dost\u00ed prodlou\u017eena o dal\u0161\u00ed dva m\u011bs\u00edce.<\/p>\n\n\n\n<p>Pokud z jak\u00e9hokoli d\u016fvodu budete pova\u017eovat na\u0161i odpov\u011b\u010f za neuspokojivou, informujeme v\u00e1s, \u017ee m\u016f\u017eete podat st\u00ed\u017enost u CNIL.<\/p>\n\n\n\n<p><\/p>\n\n\n\n<h2 class=\"wp-block-heading\">BEZPE\u010cNOSTN\u00cd OPAT\u0158EN\u00cd<\/h2>\n\n\n\n<p>Spole\u010dnost Soletanche Freyssinet pou\u017e\u00edv\u00e1 r\u016fzn\u00e1 technick\u00e1 a organiza\u010dn\u00ed bezpe\u010dnostn\u00ed opat\u0159en\u00ed k ochran\u011b osobn\u00edch \u00fadaj\u016f, kter\u00e9 shroma\u017e\u010fujeme, pou\u017e\u00edv\u00e1me nebo p\u0159en\u00e1\u0161\u00edme, p\u0159ed ztr\u00e1tou, zneu\u017eit\u00edm, pozm\u011bn\u011bn\u00edm nebo zni\u010den\u00edm.<\/p>\n\n\n\n<p>Spole\u010dnost Soletanche Freyssinet v\u0161ak nem\u016f\u017ee b\u00fdt odpov\u011bdn\u00e1 za bezpe\u010dnost p\u0159enosu osobn\u00edch \u00fadaj\u016f p\u0159es Internet.<\/p>\n\n\n\n<p><\/p>\n\n\n\n<h2 class=\"wp-block-heading\">EXTERN\u00cd WEBOV\u00c9 STR\u00c1NKY<\/h2>\n\n\n\n<p>Webov\u00e9 str\u00e1nky mohou obsahovat odkazy na extern\u00ed webov\u00e9 str\u00e1nky.<\/p>\n\n\n\n<p>Spole\u010dnost Soletanche Freyssinet neposkytuje \u017e\u00e1dn\u00e9 z\u00e1ruky ani prohl\u00e1\u0161en\u00ed t\u00fdkaj\u00edc\u00ed se t\u011bchto extern\u00edch webov\u00fdch str\u00e1nek.<\/p>\n\n\n\n<p><\/p>\n\n\n\n<h2 class=\"wp-block-heading\">ZM\u011aNA Z\u00c1SAD<\/h2>\n\n\n\n<p>Tyto z\u00e1sady byly aktualizov\u00e1ny dne 06.10.2020.<\/p>\n\n\n\n<p>Tyto z\u00e1sady m\u016f\u017eeme periodicky m\u011bnit, aby odpov\u00eddaly technologick\u00e9mu v\u00fdvoji, praxi v oboru a regulatorn\u00edm po\u017eadavk\u016fm, nebo z jin\u00fdch d\u016fvod\u016f.<\/p>\n\n\n\n<p>Pokud budeme pot\u0159ebovat prov\u00e9st z\u00e1sadn\u00ed zm\u011bny na\u0161ich z\u00e1sad, zve\u0159ejn\u00edme ozn\u00e1men\u00ed viditeln\u00e9 na \u00favodn\u00ed str\u00e1nce webu p\u0159ed t\u00edm, ne\u017e zm\u011bna vstoup\u00ed v platnost.<\/p>\n\n\n\n<p><\/p>\n","protected":false},"excerpt":{"rendered":"<p>Z\u00c1SADY OCHRANY OSOBN\u00cdCH \u00daDAJ\u016e Ochrana osobn\u00edch \u00fadaj\u016f je pro spole\u010dnost Soletanche Freyssinet kl\u00ed\u010dovou prioritou. Transparentn\u00ed zpracov\u00e1n\u00ed osobn\u00edch \u00fadaj\u016f, kter\u00e9 shroma\u017e\u010fujeme, je z\u00e1vazkem, jeho\u017e c\u00edlem je poskytnout v\u00e1m ve\u0161ker\u00e9 relevantn\u00ed informace o zpracov\u00e1n\u00ed osobn\u00edch \u00fadaj\u016f, kter\u00e9 mohou b\u00fdt shrom\u00e1\u017ed\u011bny na tomto webu www.nuviatech-protection.com (d\u00e1le jen \u201eweb\u201c). Spole\u010dnost Soletanche Freyssinet (d\u00e1le jen \u201emy\u201c, \u201en\u00e1\u0161\u201c nebo \u201eSoletanche Freyssinet\u201c) [&hellip;]<\/p>\n","protected":false},"author":132,"featured_media":0,"parent":0,"menu_order":0,"comment_status":"closed","ping_status":"closed","template":"","meta":{"_relevanssi_hide_post":"","_relevanssi_hide_content":"","_relevanssi_pin_for_all":"","_relevanssi_pin_keywords":"","_relevanssi_unpin_keywords":"","_relevanssi_related_keywords":"","_relevanssi_related_include_ids":"","_relevanssi_related_exclude_ids":"","_relevanssi_related_no_append":"","_relevanssi_related_not_related":"","_relevanssi_related_posts":"16739,16733,16736","_relevanssi_noindex_reason":"","footnotes":""},"class_list":["post-29108","page","type-page","status-publish","hentry"],"acf":[],"yoast_head":"<!-- This site is optimized with the Yoast SEO plugin v26.6 - https:\/\/yoast.com\/wordpress\/plugins\/seo\/ -->\n<title>Osobn\u00ed \u00fadaje - Nuvia<\/title>\n<meta name=\"robots\" content=\"index, follow, max-snippet:-1, max-image-preview:large, max-video-preview:-1\" \/>\n<link rel=\"canonical\" href=\"https:\/\/www.nuviatech-protection.com\/cs\/osobni-udaje\/\" \/>\n<meta property=\"og:locale\" content=\"cs_CZ\" \/>\n<meta property=\"og:type\" content=\"article\" \/>\n<meta property=\"og:title\" content=\"Osobn\u00ed \u00fadaje - Nuvia\" \/>\n<meta property=\"og:description\" content=\"Z\u00c1SADY OCHRANY OSOBN\u00cdCH \u00daDAJ\u016e Ochrana osobn\u00edch \u00fadaj\u016f je pro spole\u010dnost Soletanche Freyssinet kl\u00ed\u010dovou prioritou. Transparentn\u00ed zpracov\u00e1n\u00ed osobn\u00edch \u00fadaj\u016f, kter\u00e9 shroma\u017e\u010fujeme, je z\u00e1vazkem, jeho\u017e c\u00edlem je poskytnout v\u00e1m ve\u0161ker\u00e9 relevantn\u00ed informace o zpracov\u00e1n\u00ed osobn\u00edch \u00fadaj\u016f, kter\u00e9 mohou b\u00fdt shrom\u00e1\u017ed\u011bny na tomto webu www.nuviatech-protection.com (d\u00e1le jen \u201eweb\u201c). Spole\u010dnost Soletanche Freyssinet (d\u00e1le jen \u201emy\u201c, \u201en\u00e1\u0161\u201c nebo \u201eSoletanche Freyssinet\u201c) [&hellip;]\" \/>\n<meta property=\"og:url\" content=\"https:\/\/www.nuviatech-protection.com\/cs\/osobni-udaje\/\" \/>\n<meta property=\"og:site_name\" content=\"Nuvia\" \/>\n<meta property=\"article:modified_time\" content=\"2026-03-11T10:36:34+00:00\" \/>\n<meta name=\"twitter:card\" content=\"summary_large_image\" \/>\n<meta name=\"twitter:label1\" content=\"Odhadovan\u00e1 doba \u010dten\u00ed\" \/>\n\t<meta name=\"twitter:data1\" content=\"8 minut\" \/>\n<!-- \/ Yoast SEO plugin. -->","yoast_head_json":{"title":"Osobn\u00ed \u00fadaje - Nuvia","robots":{"index":"index","follow":"follow","max-snippet":"max-snippet:-1","max-image-preview":"max-image-preview:large","max-video-preview":"max-video-preview:-1"},"canonical":"https:\/\/www.nuviatech-protection.com\/cs\/osobni-udaje\/","og_locale":"cs_CZ","og_type":"article","og_title":"Osobn\u00ed \u00fadaje - Nuvia","og_description":"Z\u00c1SADY OCHRANY OSOBN\u00cdCH \u00daDAJ\u016e Ochrana osobn\u00edch \u00fadaj\u016f je pro spole\u010dnost Soletanche Freyssinet kl\u00ed\u010dovou prioritou. Transparentn\u00ed zpracov\u00e1n\u00ed osobn\u00edch \u00fadaj\u016f, kter\u00e9 shroma\u017e\u010fujeme, je z\u00e1vazkem, jeho\u017e c\u00edlem je poskytnout v\u00e1m ve\u0161ker\u00e9 relevantn\u00ed informace o zpracov\u00e1n\u00ed osobn\u00edch \u00fadaj\u016f, kter\u00e9 mohou b\u00fdt shrom\u00e1\u017ed\u011bny na tomto webu www.nuviatech-protection.com (d\u00e1le jen \u201eweb\u201c). Spole\u010dnost Soletanche Freyssinet (d\u00e1le jen \u201emy\u201c, \u201en\u00e1\u0161\u201c nebo \u201eSoletanche Freyssinet\u201c) [&hellip;]","og_url":"https:\/\/www.nuviatech-protection.com\/cs\/osobni-udaje\/","og_site_name":"Nuvia","article_modified_time":"2026-03-11T10:36:34+00:00","twitter_card":"summary_large_image","twitter_misc":{"Odhadovan\u00e1 doba \u010dten\u00ed":"8 minut"},"schema":{"@context":"https:\/\/schema.org","@graph":[{"@type":"WebPage","@id":"https:\/\/www.nuviatech-protection.com\/cs\/osobni-udaje\/","url":"https:\/\/www.nuviatech-protection.com\/cs\/osobni-udaje\/","name":"Osobn\u00ed \u00fadaje - Nuvia","isPartOf":{"@id":"https:\/\/www.nuviatech-protection.com\/cs\/#website"},"datePublished":"2026-03-11T10:36:33+00:00","dateModified":"2026-03-11T10:36:34+00:00","breadcrumb":{"@id":"https:\/\/www.nuviatech-protection.com\/cs\/osobni-udaje\/#breadcrumb"},"inLanguage":"cs","potentialAction":[{"@type":"ReadAction","target":["https:\/\/www.nuviatech-protection.com\/cs\/osobni-udaje\/"]}]},{"@type":"BreadcrumbList","@id":"https:\/\/www.nuviatech-protection.com\/cs\/osobni-udaje\/#breadcrumb","itemListElement":[{"@type":"ListItem","position":1,"name":"Home","item":"https:\/\/www.nuviatech-protection.com\/cs\/"},{"@type":"ListItem","position":2,"name":"Osobn\u00ed \u00fadaje"}]},{"@type":"WebSite","@id":"https:\/\/www.nuviatech-protection.com\/cs\/#website","url":"https:\/\/www.nuviatech-protection.com\/cs\/","name":"Nuvia","description":"","publisher":{"@id":"https:\/\/www.nuviatech-protection.com\/cs\/#organization"},"potentialAction":[{"@type":"SearchAction","target":{"@type":"EntryPoint","urlTemplate":"https:\/\/www.nuviatech-protection.com\/cs\/?s={search_term_string}"},"query-input":{"@type":"PropertyValueSpecification","valueRequired":true,"valueName":"search_term_string"}}],"inLanguage":"cs"},{"@type":"Organization","@id":"https:\/\/www.nuviatech-protection.com\/cs\/#organization","name":"Nuviatech Protection","url":"https:\/\/www.nuviatech-protection.com\/cs\/","logo":{"@type":"ImageObject","inLanguage":"cs","@id":"https:\/\/www.nuviatech-protection.com\/cs\/#\/schema\/logo\/image\/","url":"https:\/\/www.nuviatech-protection.com\/wp-content\/uploads\/2021\/09\/logo.png","contentUrl":"https:\/\/www.nuviatech-protection.com\/wp-content\/uploads\/2021\/09\/logo.png","width":204,"height":49,"caption":"Nuviatech Protection"},"image":{"@id":"https:\/\/www.nuviatech-protection.com\/cs\/#\/schema\/logo\/image\/"}}]}},"_links":{"self":[{"href":"https:\/\/www.nuviatech-protection.com\/cs\/wp-json\/wp\/v2\/pages\/29108","targetHints":{"allow":["GET"]}}],"collection":[{"href":"https:\/\/www.nuviatech-protection.com\/cs\/wp-json\/wp\/v2\/pages"}],"about":[{"href":"https:\/\/www.nuviatech-protection.com\/cs\/wp-json\/wp\/v2\/types\/page"}],"author":[{"embeddable":true,"href":"https:\/\/www.nuviatech-protection.com\/cs\/wp-json\/wp\/v2\/users\/132"}],"replies":[{"embeddable":true,"href":"https:\/\/www.nuviatech-protection.com\/cs\/wp-json\/wp\/v2\/comments?post=29108"}],"version-history":[{"count":1,"href":"https:\/\/www.nuviatech-protection.com\/cs\/wp-json\/wp\/v2\/pages\/29108\/revisions"}],"predecessor-version":[{"id":29109,"href":"https:\/\/www.nuviatech-protection.com\/cs\/wp-json\/wp\/v2\/pages\/29108\/revisions\/29109"}],"wp:attachment":[{"href":"https:\/\/www.nuviatech-protection.com\/cs\/wp-json\/wp\/v2\/media?parent=29108"}],"curies":[{"name":"wp","href":"https:\/\/api.w.org\/{rel}","templated":true}]}}